{"id":1630,"date":"2025-08-27T17:33:47","date_gmt":"2025-08-27T14:33:47","guid":{"rendered":"https:\/\/www.kalnuslenis.lt\/?page_id=1630"},"modified":"2025-09-04T00:59:40","modified_gmt":"2025-09-03T21:59:40","slug":"kalnu-slenio-darbstuole-rasa-vasiliauskiene","status":"publish","type":"page","link":"https:\/\/www.kalnuslenis.lt\/?page_id=1630","title":{"rendered":"Kaln\u0173 sl\u0117nio darb\u0161tuol\u0117 Rasa Vasiliauskien\u0117"},"content":{"rendered":"\n<h1 class=\"wp-block-heading has-text-align-center\"><strong>Kaln\u0173 sl\u0117nio darb\u0161tuol\u0117 Rasa Vasiliauskien\u0117<\/strong><br><br> <img decoding=\"async\" class=\"wp-image-1769\" style=\"width: 400px;float: right;margin-left: 15px\" src=\"https:\/\/www.kalnuslenis.lt\/wp-content\/uploads\/2025\/08\/Rasa-Vasiliauskiene_8.webp\" alt=\"Rasa Vasiliauskien\u0117\"><\/h1>\n\n\n\n<p class=\"has-text-align-left\">Esu m\u0117g\u0117ja teatro aktor\u0117, kuri atrado savo meil\u0119 scenai dar nuo jaunyst\u0117s. Mano kelias \u012f teatr\u0105 buvo tarsi ilga, ta\u010diau nuostabi kelion\u0117, kupina ne tik i\u0161\u0161\u016bki\u0173, bet ir d\u017eiaugsmo, atradim\u0173 bei augimo. Nuo pirm\u0173j\u0173 pasirodym\u0173 ma\u017eose scenose iki didesni\u0173 vaidmen\u0173, a\u0161 visada siekiau ne tik atlikti vaidmenis, bet ir perduoti \u017ei\u016brovams emocijas, kurios palieka p\u0117dsak\u0105 j\u0173 \u0161irdyse. Su giliu d\u0117kingumu prisimenu visus etapus, kurie formavo mano k\u016bryb\u0105 ir \u017eingsnius scenoje. Vienas i\u0161 svarbiausi\u0173 moment\u0173 mano aktorinio kelio buvo garb\u0117 vaidinti pas Stas\u0119 Ni\u016bniavait\u0119 \u2013     i\u0161kili\u0105j\u0105 \u017demaitijos \u0161viesuol\u0119, kurios gyvenimas ir k\u016bryba paliko nei\u0161dildom\u0105 \u012fsp\u016bd\u012f. Stas\u0117 Ni\u016bniavait\u0117 ne tik buvo talentinga aktor\u0117 ir literat\u0117, bet ir stipri asmenyb\u0117, kuri savo veikla \u012fkv\u0117p\u0117 daugyb\u0119 \u017emoni\u0173. Ji buvo ne tik teatro re\u017eisier\u0117 ir \u017eemai\u010di\u0173 kult\u016bros puosel\u0117toja, bet ir politin\u0117 kalin\u0117, aktyvi S\u0105j\u016bd\u017eio dalyv\u0117, atidavusi savo j\u0117gas kovai u\u017e laisv\u0119.<br><br>Trumpai teko dirbti ir su literate, dramos re\u017eisiere Vida Bladykaite, kuri 1997 m. i\u0161vyko gyventi \u012f JAV.<br><br>2013 metais susipa\u017einome su jauna, perspektyvia re\u017eisiere Andr\u0117ja Gri\u010diute-Stulginskiene, kuri atvyko dirbti \u012f Naujosios Akmen\u0117s r\u016bmus. Kaip juokiam\u0117s, &#8222;At\u0117jau ir pasilikau&#8221;, ir \u0161tai mes dirbame kartu iki \u0161iol. Andr\u0117ja tapo ne tik kolege, bet ir svarbia mano k\u016brybinio kelio dalimi. Jos entuziazmas, energija ir profesionalumas suteik\u0117 man nauj\u0173 perspektyv\u0173 scenoje. Kartu su ja gal\u0117jome ne tik pasinerti \u012f k\u016bryb\u0105, bet ir kurti teatr\u0105, kuris sugeb\u0117t\u0173 pasiekti \u017ei\u016brov\u0173 \u0161irdis. Tai ne tik bendras darbas, bet ir ilga draugyst\u0117, kurioje kiekvienas i\u0161 m\u016bs\u0173 augam ir tobul\u0117jam\u2026<br><br>Mano pasirodymai da\u017eniausiai atspindi mano geb\u0117jim\u0105 \u012fsijausti \u012f \u012fvairius persona\u017eus, kurie mane praturtina tiek asmeni\u0161kai, tiek k\u016brybi\u0161kai. Esu \u012fsitikinusi, kad teatro magija slypi ne tik \u012f scen\u0105 i\u0161einan\u010di\u0173 aktori\u0173 pasirodymuose, bet ir toje energijoje, kuri\u0105 mes dalijam\u0117s su \u017ei\u016brovais. B\u016btent \u0161is ry\u0161ys, \u0161i bendryst\u0117, mane visada motyvuoja tobul\u0117ti ir nebijoti rizikuoti scenoje.<br><br>Teatras man n\u0117ra tik profesija \u2013 tai gyvenimo b\u016bdas, pasitik\u0117jimas ir atsidavimas k\u016brybai. Kiekvienas spektaklis man yra galimyb\u0117 i\u0161reik\u0161ti savo vidinius jausmus, atrasti naujas spalvas ir atskleisti dar nepa\u017eintas pasaulio puses. Kiekvienas vaidmuo man yra ne tik i\u0161\u0161\u016bkis, bet ir galimyb\u0117 pa\u017einti save i\u0161 naujo.<\/p>\n\n\n\n<h2 class=\"wp-block-heading has-text-align-left\">Vaidmenys scenoje<\/h2>\n\n\n\n<p>Mano teatro kelias \u2013 tai nuolatinis k\u016brybinis i\u0161\u0161\u016bkis ir emocij\u0173 kelias, kuriame kiekvienas vaidmuo tapo ne tik profesiniu i\u0161bandymu, bet ir gyvenimo pamoka. \u010cia yra mano svarbiausi vaidmenys, kuriuos su did\u017eiule aistra ir \u012fsipareigojimu atlikau kartu su k\u016brybingais re\u017eisieriais ir talentingais kolegomis:<\/p>\n\n\n\n<ul class=\"wp-block-list\">\n<li>1987 m. \u2013 8 paveiksl\u0173 pjes\u0117-pasaka \u201eDidysis Gintaras\u201c pagal R. Mark\u016bn\u0105 <br>(re\u017e. St.Ni\u016bniavait\u0117) \u2013 vaidmuo baronas Knopk\u0117.<\/li>\n\n\n\n<li>1989 m. \u2013 2-j\u0173 dali\u0173 pjes\u0117 \u201eKolumbo gimtadienis\u201c pagal J. Erlick\u0105 <br>(re\u017e. St. Ni\u016bniavait\u0117) \u2013 pagrindinis vaidmuo \u2013 Vi\u0161ta Izabel\u0117.<\/li>\n\n\n\n<li>2014 m. \u2013 spektaklis \u201e\u0160alikel\u0117\u201c pagal O. Jautak\u0117s pjes\u0119 <br>(re\u017e. A. Gri\u010diut\u0117-Stulginskien\u0117) \u2013 pagrindinis vaidmuo \u2013 \u017dmona.<\/li>\n\n\n\n<li>2014 m. \u2013 monologinis spektaklis su dialoginiais intarpais \u201eT\u016bnantis \u0161e\u0161\u0117lyje\u201c pagal Vlado Kalvai\u010di\u0173 noveli\u0173 roman\u0105 \u201eSustiprinto re\u017eimo barakas\u201c (inscenizacija ir re\u017eis\u016bra A. Stulginskien\u0117) \u2013 antraplanis vaidmuo.<\/li>\n\n\n\n<li>2015 m. \u2013 spektaklis \u201e\u017demait\u0117 ir trys mylimos\u201c pagal A. Sprind\u012f ir \u017demait\u0119 <br>(inscenizacija ir re\u017eis\u016bra A. Stulginskien\u0117, Kurtuv\u0117nai) \u2013 Marc\u0117.<\/li>\n\n\n\n<li>2017 m. \u2013 spektaklis-paskaita \u201eRadvilos, Sforcos ir Papakoda\u201c (inscenizacija ir re\u017eis\u016bra A. Stulginskien\u0117) pagal Halinos Auderskos roman\u0105 \u201eKaralien\u0117 Bona\u201c \u2013 pagrindinis vaidmuo &#8211; Karalien\u0117 Bona.<\/li>\n\n\n\n<li>2025 m. \u2013 spektaklis \u201ePalikimas\u201c (Naujoji Akmen\u0117, scenarijaus autorius ir re\u017eisierius A. Stulginskien\u0117) \u2013 Aldonos persona\u017eas.<\/li>\n\n\n\n<li>2025 m. \u2013 spektaklis \u201eLiudvik\u0117lio ker\u0161tas\u201c \u2013 2 sezonas (Tytuv\u0117nai, scenarijaus autorius ir re\u017eisierius A. Stulginskien\u0117) \u2013 Kar\u010demininko \u017emona.<\/li>\n\n\n\n<li>2025 m. \u2013 teatralizuota eskursija \u201eNuo Romeri\u0173 iki Gru\u017eevski\u0173\u201c (scen. aut. ir re\u017e. A. Stulginskien\u0117), Tytuv\u0117n\u0117liai, dvaro sodyba. Ekonom\u0117 Zosel\u0117.<\/li>\n<\/ul>\n\n\n\n<p><br>Dalyvauta daugyb\u0117je tradicini\u0173 m\u0117g\u0117j\u0173 teatr\u0173 \u0161ven\u010di\u0173 \u201eKauno rampa\u201c, \u201eAtspind\u017eiai\u201c, festivaliuose, teatr\u0173 dienose, autoriniuose dainuojamosios poezijos vakaruose, k\u016brybiniuose renginiuose, knyg\u0173 pristatymuose ir kt\u2026.<br><br>Kiekvienas vaidmuo man tapo ne tik profesiniu i\u0161\u0161\u016bkiu, bet ir galimybe giliau pa\u017einti save, \u012fsijausti \u012f naujas perspektyvas ir k\u016brybi\u0161kai i\u0161reik\u0161ti \u012fvairius pasaulius. A\u010di\u016b u\u017e pasitik\u0117jim\u0105 ir galimyb\u0119 kartu su k\u016brybinga komanda kurti teatro stebuklus, kurie lieka atmintyje ir \u0161irdyje.<\/p>\n\n\n\n<h2 class=\"wp-block-heading\">Draugyst\u0117 su MB \u201eKaln\u0173 sl\u0117nis\u201c<\/h2>\n\n\n\n<p>Mano k\u016brybin\u0117je kelion\u0117je labai svarbus ry\u0161ys su MB \u201e<strong>Kaln\u0173 sl\u0117nis<\/strong>\u201c. \u0160i draugyst\u0117 ir profesinis bendradarbiavimas tapo ne tik svarbiu k\u016brybos etapu, bet ir \u012fkv\u0117pimu naujoms id\u0117joms bei projektams. \u201e<strong>Kaln\u0173 sl\u0117nis<\/strong>\u201c \u2013 tai ne tik k\u016brybini\u0173 \u017emoni\u0173 komanda, bet ir erdv\u0117, kurioje gimsta unikal\u016bs projektai, jungiantys \u012fvairius men\u0173 \u017eanrus, kult\u016brinius aspektus ir tradicijas.<\/p>\n\n\n\n<figure class=\"wp-block-gallery has-nested-images columns-3 is-cropped wp-block-gallery-1 is-layout-flex wp-block-gallery-is-layout-flex\">\n<figure class=\"wp-block-image size-large\"><a href=\"https:\/\/www.kalnuslenis.lt\/wp-content\/uploads\/2025\/08\/Rasa-Vasiliauskiene_9.webp\"><img fetchpriority=\"high\" decoding=\"async\" width=\"747\" height=\"1024\" data-id=\"1948\" src=\"https:\/\/www.kalnuslenis.lt\/wp-content\/uploads\/2025\/08\/Rasa-Vasiliauskiene_9-747x1024.jpg\" alt=\"\" class=\"wp-image-1948\" srcset=\"https:\/\/www.kalnuslenis.lt\/wp-content\/uploads\/2025\/08\/Rasa-Vasiliauskiene_9-747x1024.jpg 747w, https:\/\/www.kalnuslenis.lt\/wp-content\/uploads\/2025\/08\/Rasa-Vasiliauskiene_9-219x300.jpg 219w, https:\/\/www.kalnuslenis.lt\/wp-content\/uploads\/2025\/08\/Rasa-Vasiliauskiene_9-768x1053.jpg 768w, https:\/\/www.kalnuslenis.lt\/wp-content\/uploads\/2025\/08\/Rasa-Vasiliauskiene_9.webp 944w\" sizes=\"(max-width: 747px) 100vw, 747px\" \/><\/a><figcaption class=\"wp-element-caption\">Diplomas<\/figcaption><\/figure>\n\n\n\n<figure class=\"wp-block-image size-large\"><a href=\"https:\/\/www.kalnuslenis.lt\/wp-content\/uploads\/2025\/08\/Rasa_Vasiliauskiene-9.webp\"><img decoding=\"async\" width=\"1024\" height=\"683\" data-id=\"1950\" src=\"https:\/\/www.kalnuslenis.lt\/wp-content\/uploads\/2025\/08\/Rasa_Vasiliauskiene-9-1024x683.webp\" alt=\"\" class=\"wp-image-1950\" srcset=\"https:\/\/www.kalnuslenis.lt\/wp-content\/uploads\/2025\/08\/Rasa_Vasiliauskiene-9-1024x683.webp 1024w, https:\/\/www.kalnuslenis.lt\/wp-content\/uploads\/2025\/08\/Rasa_Vasiliauskiene-9-300x200.webp 300w, https:\/\/www.kalnuslenis.lt\/wp-content\/uploads\/2025\/08\/Rasa_Vasiliauskiene-9-768x512.jpg 768w, https:\/\/www.kalnuslenis.lt\/wp-content\/uploads\/2025\/08\/Rasa_Vasiliauskiene-9-1536x1024.jpg 1536w, https:\/\/www.kalnuslenis.lt\/wp-content\/uploads\/2025\/08\/Rasa_Vasiliauskiene-9.webp 1920w\" sizes=\"(max-width: 1024px) 100vw, 1024px\" \/><\/a><figcaption class=\"wp-element-caption\">Sukil\u0117lio motina, \u0160imkai\u010di\u0173 giria, 2025 m.<\/figcaption><\/figure>\n\n\n\n<figure class=\"wp-block-image size-large\"><a href=\"https:\/\/www.kalnuslenis.lt\/wp-content\/uploads\/2025\/08\/Rasa-Vasiliauskiene_7.webp\"><img decoding=\"async\" width=\"405\" height=\"720\" data-id=\"1946\" src=\"https:\/\/www.kalnuslenis.lt\/wp-content\/uploads\/2025\/08\/Rasa-Vasiliauskiene_7.webp\" alt=\"\" class=\"wp-image-1946\" srcset=\"https:\/\/www.kalnuslenis.lt\/wp-content\/uploads\/2025\/08\/Rasa-Vasiliauskiene_7.webp 405w, https:\/\/www.kalnuslenis.lt\/wp-content\/uploads\/2025\/08\/Rasa-Vasiliauskiene_7-169x300.webp 169w\" sizes=\"(max-width: 405px) 100vw, 405px\" \/><\/a><figcaption class=\"wp-element-caption\">\u0160alikele. Nuotrauka i\u0161 as. arch.<\/figcaption><\/figure>\n\n\n\n<figure class=\"wp-block-image size-large\"><a href=\"https:\/\/www.kalnuslenis.lt\/wp-content\/uploads\/2025\/08\/Rasa-Vasiliauskiene_6-scaled.webp\"><img loading=\"lazy\" decoding=\"async\" width=\"1024\" height=\"681\" data-id=\"1945\" src=\"https:\/\/www.kalnuslenis.lt\/wp-content\/uploads\/2025\/08\/Rasa-Vasiliauskiene_6-1024x681.webp\" alt=\"\" class=\"wp-image-1945\" srcset=\"https:\/\/www.kalnuslenis.lt\/wp-content\/uploads\/2025\/08\/Rasa-Vasiliauskiene_6-1024x681.webp 1024w, https:\/\/www.kalnuslenis.lt\/wp-content\/uploads\/2025\/08\/Rasa-Vasiliauskiene_6-300x199.webp 300w, https:\/\/www.kalnuslenis.lt\/wp-content\/uploads\/2025\/08\/Rasa-Vasiliauskiene_6-768x511.webp 768w, https:\/\/www.kalnuslenis.lt\/wp-content\/uploads\/2025\/08\/Rasa-Vasiliauskiene_6-1536x1021.webp 1536w, https:\/\/www.kalnuslenis.lt\/wp-content\/uploads\/2025\/08\/Rasa-Vasiliauskiene_6-scaled.webp 1920w\" sizes=\"(max-width: 1024px) 100vw, 1024px\" \/><\/a><figcaption class=\"wp-element-caption\">Marcel\u0117. Fotog. J. Vapsva<\/figcaption><\/figure>\n\n\n\n<figure class=\"wp-block-image size-large\"><a href=\"https:\/\/www.kalnuslenis.lt\/wp-content\/uploads\/2025\/08\/Rasa-Vasiliauskiene_5.webp\"><img loading=\"lazy\" decoding=\"async\" width=\"1024\" height=\"679\" data-id=\"1944\" src=\"https:\/\/www.kalnuslenis.lt\/wp-content\/uploads\/2025\/08\/Rasa-Vasiliauskiene_5-1024x679.webp\" alt=\"\" class=\"wp-image-1944\" srcset=\"https:\/\/www.kalnuslenis.lt\/wp-content\/uploads\/2025\/08\/Rasa-Vasiliauskiene_5-1024x679.webp 1024w, https:\/\/www.kalnuslenis.lt\/wp-content\/uploads\/2025\/08\/Rasa-Vasiliauskiene_5-300x199.webp 300w, https:\/\/www.kalnuslenis.lt\/wp-content\/uploads\/2025\/08\/Rasa-Vasiliauskiene_5-768x509.webp 768w, https:\/\/www.kalnuslenis.lt\/wp-content\/uploads\/2025\/08\/Rasa-Vasiliauskiene_5-1536x1018.webp 1536w, https:\/\/www.kalnuslenis.lt\/wp-content\/uploads\/2025\/08\/Rasa-Vasiliauskiene_5.webp 1920w\" sizes=\"(max-width: 1024px) 100vw, 1024px\" \/><\/a><figcaption class=\"wp-element-caption\">Motina, 2022 m. \u017dagar\u0117s kult\u016bros centras<\/figcaption><\/figure>\n\n\n\n<figure class=\"wp-block-image size-large\"><a href=\"https:\/\/www.kalnuslenis.lt\/wp-content\/uploads\/2025\/08\/Rasa-Vasiliauskiene_3.webp\"><img loading=\"lazy\" decoding=\"async\" width=\"683\" height=\"1024\" data-id=\"1942\" src=\"https:\/\/www.kalnuslenis.lt\/wp-content\/uploads\/2025\/08\/Rasa-Vasiliauskiene_3-683x1024.webp\" alt=\"\" class=\"wp-image-1942\" srcset=\"https:\/\/www.kalnuslenis.lt\/wp-content\/uploads\/2025\/08\/Rasa-Vasiliauskiene_3-683x1024.webp 683w, https:\/\/www.kalnuslenis.lt\/wp-content\/uploads\/2025\/08\/Rasa-Vasiliauskiene_3-200x300.webp 200w, https:\/\/www.kalnuslenis.lt\/wp-content\/uploads\/2025\/08\/Rasa-Vasiliauskiene_3-768x1152.webp 768w, https:\/\/www.kalnuslenis.lt\/wp-content\/uploads\/2025\/08\/Rasa-Vasiliauskiene_3-1024x1536.webp 1024w, https:\/\/www.kalnuslenis.lt\/wp-content\/uploads\/2025\/08\/Rasa-Vasiliauskiene_3.webp 1241w\" sizes=\"(max-width: 683px) 100vw, 683px\" \/><\/a><figcaption class=\"wp-element-caption\">Bona, 2019 m. Tytuv\u0117nai Foto autor\u0117 B. Buchien\u0117<\/figcaption><\/figure>\n\n\n\n<figure class=\"wp-block-image size-large\"><a href=\"https:\/\/www.kalnuslenis.lt\/wp-content\/uploads\/2025\/08\/Rasa-Vasiliauskiene_2.webp\"><img loading=\"lazy\" decoding=\"async\" width=\"819\" height=\"1024\" data-id=\"1941\" src=\"https:\/\/www.kalnuslenis.lt\/wp-content\/uploads\/2025\/08\/Rasa-Vasiliauskiene_2-819x1024.webp\" alt=\"\" class=\"wp-image-1941\" srcset=\"https:\/\/www.kalnuslenis.lt\/wp-content\/uploads\/2025\/08\/Rasa-Vasiliauskiene_2-819x1024.webp 819w, https:\/\/www.kalnuslenis.lt\/wp-content\/uploads\/2025\/08\/Rasa-Vasiliauskiene_2-240x300.webp 240w, https:\/\/www.kalnuslenis.lt\/wp-content\/uploads\/2025\/08\/Rasa-Vasiliauskiene_2-768x960.webp 768w, https:\/\/www.kalnuslenis.lt\/wp-content\/uploads\/2025\/08\/Rasa-Vasiliauskiene_2.webp 1080w\" sizes=\"(max-width: 819px) 100vw, 819px\" \/><\/a><figcaption class=\"wp-element-caption\">Bona, 2019 m. Salo\u010diai. Foto autor\u0117 A. Stulginskien\u0117<\/figcaption><\/figure>\n\n\n\n<figure class=\"wp-block-image size-large\"><a href=\"https:\/\/www.kalnuslenis.lt\/wp-content\/uploads\/2025\/08\/Rasa-Vasiliauskiene_1.webp\"><img loading=\"lazy\" decoding=\"async\" width=\"768\" height=\"1024\" data-id=\"1940\" src=\"https:\/\/www.kalnuslenis.lt\/wp-content\/uploads\/2025\/08\/Rasa-Vasiliauskiene_1-768x1024.webp\" alt=\"\" class=\"wp-image-1940\" srcset=\"https:\/\/www.kalnuslenis.lt\/wp-content\/uploads\/2025\/08\/Rasa-Vasiliauskiene_1-768x1024.webp 768w, https:\/\/www.kalnuslenis.lt\/wp-content\/uploads\/2025\/08\/Rasa-Vasiliauskiene_1-225x300.webp 225w, https:\/\/www.kalnuslenis.lt\/wp-content\/uploads\/2025\/08\/Rasa-Vasiliauskiene_1-1152x1536.webp 1152w, https:\/\/www.kalnuslenis.lt\/wp-content\/uploads\/2025\/08\/Rasa-Vasiliauskiene_1.webp 1440w\" sizes=\"(max-width: 768px) 100vw, 768px\" \/><\/a><figcaption class=\"wp-element-caption\">Bona, 2025 U\u017eventis. Foto autor\u0117 Indr\u0117 Domeikien\u0117<\/figcaption><\/figure>\n<\/figure>\n","protected":false},"excerpt":{"rendered":"<p>Kaln\u0173 sl\u0117nio darb\u0161tuol\u0117 Rasa Vasiliauskien\u0117 Esu m\u0117g\u0117ja teatro aktor\u0117, kuri atrado savo meil\u0119 scenai dar nuo jaunyst\u0117s. Mano kelias \u012f teatr\u0105 buvo tarsi ilga, ta\u010diau nuostabi kelion\u0117, kupina ne tik i\u0161\u0161\u016bki\u0173, bet ir d\u017eiaugsmo, atradim\u0173 bei augimo. Nuo pirm\u0173j\u0173 pasirodym\u0173 ma\u017eose scenose iki didesni\u0173 vaidmen\u0173, a\u0161 visada siekiau ne tik atlikti vaidmenis, bet ir perduoti [&hellip;]<\/p>\n","protected":false},"author":1,"featured_media":1947,"parent":0,"menu_order":0,"comment_status":"closed","ping_status":"closed","template":"","meta":{"_acf_changed":false,"footnotes":""},"class_list":["post-1630","page","type-page","status-publish","has-post-thumbnail","hentry"],"acf":[],"rttpg_featured_image_url":{"full":["https:\/\/www.kalnuslenis.lt\/wp-content\/uploads\/2025\/08\/Rasa-Vasiliauskiene_8.webp",552,369,false],"landscape":["https:\/\/www.kalnuslenis.lt\/wp-content\/uploads\/2025\/08\/Rasa-Vasiliauskiene_8.webp",552,369,false],"portraits":["https:\/\/www.kalnuslenis.lt\/wp-content\/uploads\/2025\/08\/Rasa-Vasiliauskiene_8.webp",552,369,false],"thumbnail":["https:\/\/www.kalnuslenis.lt\/wp-content\/uploads\/2025\/08\/Rasa-Vasiliauskiene_8-150x150.webp",150,150,true],"medium":["https:\/\/www.kalnuslenis.lt\/wp-content\/uploads\/2025\/08\/Rasa-Vasiliauskiene_8-300x201.webp",300,201,true],"large":["https:\/\/www.kalnuslenis.lt\/wp-content\/uploads\/2025\/08\/Rasa-Vasiliauskiene_8.webp",552,369,false],"1536x1536":["https:\/\/www.kalnuslenis.lt\/wp-content\/uploads\/2025\/08\/Rasa-Vasiliauskiene_8.webp",552,369,false],"2048x2048":["https:\/\/www.kalnuslenis.lt\/wp-content\/uploads\/2025\/08\/Rasa-Vasiliauskiene_8.webp",552,369,false]},"rttpg_author":{"display_name":"Kalnu_Slenis","author_link":"https:\/\/www.kalnuslenis.lt\/?author=1"},"rttpg_comment":0,"rttpg_category":" <a href=\"https:\/\/www.kalnuslenis.lt\/\" rel=\"tag\">LT<\/a>","rttpg_excerpt":"Kaln\u0173 sl\u0117nio darb\u0161tuol\u0117 Rasa Vasiliauskien\u0117 Esu m\u0117g\u0117ja teatro aktor\u0117, kuri atrado savo meil\u0119 scenai dar nuo jaunyst\u0117s. Mano kelias \u012f teatr\u0105 buvo tarsi ilga, ta\u010diau nuostabi kelion\u0117, kupina ne tik i\u0161\u0161\u016bki\u0173, bet ir d\u017eiaugsmo, atradim\u0173 bei augimo. Nuo pirm\u0173j\u0173 pasirodym\u0173 ma\u017eose scenose iki didesni\u0173 vaidmen\u0173, a\u0161 visada siekiau ne tik atlikti vaidmenis, bet ir perduoti&hellip;","_links":{"self":[{"href":"https:\/\/www.kalnuslenis.lt\/index.php?rest_route=\/wp\/v2\/pages\/1630","targetHints":{"allow":["GET"]}}],"collection":[{"href":"https:\/\/www.kalnuslenis.lt\/index.php?rest_route=\/wp\/v2\/pages"}],"about":[{"href":"https:\/\/www.kalnuslenis.lt\/index.php?rest_route=\/wp\/v2\/types\/page"}],"author":[{"embeddable":true,"href":"https:\/\/www.kalnuslenis.lt\/index.php?rest_route=\/wp\/v2\/users\/1"}],"replies":[{"embeddable":true,"href":"https:\/\/www.kalnuslenis.lt\/index.php?rest_route=%2Fwp%2Fv2%2Fcomments&post=1630"}],"version-history":[{"count":0,"href":"https:\/\/www.kalnuslenis.lt\/index.php?rest_route=\/wp\/v2\/pages\/1630\/revisions"}],"wp:featuredmedia":[{"embeddable":true,"href":"https:\/\/www.kalnuslenis.lt\/index.php?rest_route=\/wp\/v2\/media\/1947"}],"wp:attachment":[{"href":"https:\/\/www.kalnuslenis.lt\/index.php?rest_route=%2Fwp%2Fv2%2Fmedia&parent=1630"}],"curies":[{"name":"wp","href":"https:\/\/api.w.org\/{rel}","templated":true}]}}